{"version":"1.0","provider_name":"BarbInspiration","provider_url":"https:\/\/barbinspiration.cafeblog.hu","author_name":"BarbInspiration","author_url":"https:\/\/barbinspiration.cafeblog.hu\/author\/barbinspiration\/","title":"Vend\u00e9gk\u00f6nyv esk\u00fcv\u0151re","html":"Egy kedves gyermekkori bar\u00e1tn\u0151mnek m\u00e1jusban bek\u00f6t\u00f6tt\u00e9k a fej\u00e9t, s mint az esem\u00e9nyt meg\u00f6r\u00f6k\u00edtend\u0151, k\u00e9sz\u00edtettem n\u00e1szaj\u00e1nd\u00e9kk\u00e9nt egy vend\u00e9gk\u00f6nyvet nekik. Az esk\u00fcv\u0151 sz\u00ednei a feh\u00e9r \u00e9s a lila voltak, \u00edgy ezeket a sz\u00edneket felhaszn\u00e1lva kreat\u00edvkodtam.\r\n\r\n[caption id=\"attachment_89\" align=\"aligncenter\" width=\"600\"]<a href=\"https:\/\/barbinspiration.cafeblog.hu\/files\/2014\/10\/Share2014-05-31-b182e153ba0c8413c60553f20bc72281d7bca319f82dc1de758d5c0aa5754fcc-Picture.jpg\"><img class=\"size-large wp-image-89\" src=\"https:\/\/barbinspiration.cafeblog.hu\/files\/2014\/10\/Share2014-05-31-b182e153ba0c8413c60553f20bc72281d7bca319f82dc1de758d5c0aa5754fcc-Picture-600x450.jpg\" alt=\"\u00cdme a vend\u00e9gk\u00f6nyv!\" width=\"600\" height=\"450\" \/><\/a> \u00cdme a vend\u00e9gk\u00f6nyv![\/caption]\r\n\r\nA vend\u00e9gk\u00f6nyv alapja egy 25 lapos kem\u00e9nyfedeles pap\u00edrmas\u00e9 album, amelyhez a kreat\u00edv boltba jutottam hozz\u00e1, az els\u0151 fedele k\u00e9pkeretk\u00e9nt funkcion\u00e1l. A pap\u00edrmas\u00e9 fedeleket leszedve feh\u00e9rre alapoztam, majd ez\u00fcst sz\u00edn\u0171, barokkmint\u00e1s szalv\u00e9t\u00e1val decoupage-zsoltam \u00e9s lakkoztam. Az album sz\u00e9l\u00e9n nagy lila masnival \u00e9s strasszk\u0151vel dobtam fel, a lapokat bel\u00fcl pedig saj\u00e1t esk\u00fcv\u0151s szilikonnyomda-k\u00e9szletemmel tettem egyediv\u00e9. Egy tollat ugyanazzal a szalaggal \u00e1tk\u00f6tve mell\u00e9keltem. A fedlapok belsej\u00e9n washi tape-pel rejtettem el az esetleges ragaszt\u00f3maradv\u00e1nyokat, szalv\u00e9ta sz\u00e9leket. A f\u00e9nyk\u00e9p kicser\u00e9lhet\u0151, \u00edgy egy v\u00e1lasztott esk\u00fcv\u0151s k\u00e9ppel a v\u00e9gleges form\u00e1ra alak\u00edthat\u00f3 az album.\r\n\r\n[caption id=\"attachment_91\" align=\"aligncenter\" width=\"1101\"]<a href=\"https:\/\/barbinspiration.cafeblog.hu\/files\/2014\/10\/belso.jpg\"><img class=\"wp-image-91 size-full\" src=\"https:\/\/barbinspiration.cafeblog.hu\/files\/2014\/10\/belso.jpg\" alt=\"Az album bel\u00fclr\u0151l\" width=\"1101\" height=\"368\" \/><\/a> Az album bel\u00fclr\u0151l[\/caption]\r\n<p style=\"text-align: center\">Az esk\u00fcv\u0151n k\u00f6rbeadva, vend\u00e9gek j\u00f3k\u00edv\u00e1ns\u00e1gaival tele\u00edrva sz\u00e9p eml\u00e9k marad az ifj\u00fa p\u00e1rnak!<\/p>","type":"rich","thumbnail_url":"https:\/\/barbinspiration.cafeblog.hu\/files\/2014\/10\/Share2014-05-31-b182e153ba0c8413c60553f20bc72281d7bca319f82dc1de758d5c0aa5754fcc-Picture-150x150.jpg","thumbnail_width":150,"thumbnail_height":150}